{"id":64,"date":"2016-08-26T16:24:28","date_gmt":"2016-08-26T16:24:28","guid":{"rendered":"https:\/\/www.moapavalleybuilders.com\/?post_type=model&#038;p=758"},"modified":"2017-09-05T19:18:40","modified_gmt":"2017-09-05T19:18:40","slug":"temporary-relief-and-other-visas","status":"publish","type":"page","link":"https:\/\/www.gottschalk.law\/fr\/temporary-relief-and-other-visas\/","title":{"rendered":"Aide humanitaire temporaire et autres visas"},"content":{"rendered":"<div class=\"wpb-content-wrapper\">[mk_page_section bg_image=\u00a0\u00bbhttps:\/\/www.gottschalk.law\/wp-content\/uploads\/sites\/22\/2016\/09\/download.jpg\u00a0\u00bb bg_position=\u00a0\u00bbcenter bottom\u00a0\u00bb bg_repeat=\u00a0\u00bbno-repeat\u00a0\u00bb bg_stretch=\u00a0\u00bbtrue\u00a0\u00bb video_color_mask=\u00a0\u00bb#56100d\u00a0\u00bb video_opacity=\u00a0\u00bb0.3&Prime; min_height=\u00a0\u00bb400&Prime; js_vertical_centered=\u00a0\u00bbtrue\u00a0\u00bb sidebar=\u00a0\u00bbsidebar-1&Prime;][vc_column][mk_fancy_title color=\u00a0\u00bb#ffffff\u00a0\u00bb size=\u00a0\u00bb35&Prime; font_family=\u00a0\u00bbnone\u00a0\u00bb]\n<p style=\"text-align: center\">AIDE HUMANITAIRE TEMPORAIRE ET AUTRES VISAS<\/p>\n[\/mk_fancy_title][\/vc_column][\/mk_page_section][mk_page_section][vc_column width=\u00a0\u00bb1\/2&Prime;][vc_row_inner css=\u00a0\u00bb.vc_custom_1488529528521{background-color: #ffffff !important;}\u00a0\u00bb][vc_column_inner css=\u00a0\u00bb.vc_custom_1489261473757{margin-top: 50px !important;}\u00a0\u00bb][mk_fancy_title size=\u00a0\u00bb20&Prime; txt_transform=\u00a0\u00bbcapitalize\u00a0\u00bb font_family=\u00a0\u00bbnone\u00a0\u00bb]\n<p style=\"text-align: center\"><strong>Programme DACA &amp; DAPA <\/strong><\/p>\n[\/mk_fancy_title][vc_single_image image=\u00a0\u00bb184&Prime; img_size=\u00a0\u00bbfull\u00a0\u00bb alignment=\u00a0\u00bbcenter\u00a0\u00bb][\/vc_column_inner][\/vc_row_inner][vc_column_text]\n<p class=\"font_8\" style=\"text-align: justify\">DACA \u00e9tait un programme qui a accord\u00e9 une action diff\u00e9r\u00e9e pendant deux ans et un soulagement temporaire de la d\u00e9portation \u00e0 des personnes qui sont venues aux \u00c9tats-Unis en tant qu&rsquo;enfant. Les candidats au DACA \u00e9taient \u00e9galement admissibles \u00e0 l&rsquo;autorisation de travail temporaire. Le 5 septembre 2017, le Pr\u00e9sident Trump a mis fin au programme DACA, laissant au Congr\u00e8s d&rsquo;adopter une solution plus permanente pour r\u00e9soudre la situation des b\u00e9n\u00e9ficiaires du DACA. Il a publi\u00e9 un m\u00e9morandum de\u00a0proc\u00e9dure visant \u00e0 liquider le programme dans les prochain six mois.\u00a0 Pour le moment USCIS :<\/p>\n<ul style=\"text-align: justify\">\n<li><span lang=\"fr\">Traitera, individuellement, cas par cas, les dossiers correctement d\u00e9pos\u00e9s les demandes initiales de DACA et les demandes associ\u00e9es pour avoir les documents d&rsquo;autorisation d&#8217;emploi qui ont \u00e9t\u00e9 accept\u00e9s par le Minist\u00e8re \u00e0 la date du pr\u00e9sent m\u00e9morandum.<\/span><\/li>\n<li><span lang=\"fr\">Refusera toutes les demandes initiales de DACA et les applications associ\u00e9es aux documents d&rsquo;autorisation d&#8217;emploi d\u00e9pos\u00e9s apr\u00e8s la date du pr\u00e9sent m\u00e9morandum.<\/span><\/li>\n<li><span lang=\"fr\"><span lang=\"fr\"><span lang=\"fr\">Traitera, individuellement, cas par cas, les dossiers d\u00e9pos\u00e9s correctement toutes les demandes de renouvellement DACA et les demandes associ\u00e9es aux documents d&rsquo;autorisation d&#8217;emploi des b\u00e9n\u00e9ficiaires actuels qui ont \u00e9t\u00e9 accept\u00e9s par le Minist\u00e8re \u00e0 la date du pr\u00e9sent m\u00e9morandum et des b\u00e9n\u00e9ficiaires actuels dont les avantages expirent entre la date du pr\u00e9sent m\u00e9morandum et le 5 mars 2018 leurs dossiers doivent <\/span><\/span><\/span><span lang=\"fr\">\u00ea<\/span><span lang=\"fr\">tre accept\u00e9es par le Minist\u00e8re depuis le 5 octobre 2017.<\/span><\/li>\n<li><span lang=\"fr\">Refusera toutes les demandes de renouvellement DACA et les applications associ\u00e9es aux documents d&rsquo;autorisation d&#8217;emploi d\u00e9pos\u00e9s en dehors des param\u00e8tres sp\u00e9cifi\u00e9s ci-dessus.<\/span><\/li>\n<li><span lang=\"fr\">Ne mettra pas fin aux subventions de l&rsquo;action diff\u00e9r\u00e9e pr\u00e9c\u00e9demment \u00e9mise ou r\u00e9voquera les documents d&rsquo;autorisation d&#8217;emploi uniquement en fonction des directives contenues dans le pr\u00e9sent m\u00e9morandum pour la dur\u00e9e restante de leurs p\u00e9riodes de validit\u00e9.<\/span><\/li>\n<li><span lang=\"fr\">N&rsquo;approuvera aucune nouvelle demande de voyage conditionnel pr\u00e9alable au formulaire I-131 en vertu des normes associ\u00e9es au programme DACA, bien qu&rsquo;il soit g\u00e9n\u00e9ralement conforme \u00e0 la p\u00e9riode de validit\u00e9 pr\u00e9vue pour les demandes pr\u00e9alablement approuv\u00e9es pour le voyage conditionnel pr\u00e9alable. Nonobstant la validit\u00e9 continue des autorisations anticip\u00e9es de voyage conditionnel pr\u00e9alablement accord\u00e9es, le CBP gardera, bien s\u00fbr, l&rsquo;autorit\u00e9 qu&rsquo;il a toujours exerc\u00e9e et a exerc\u00e9 pour d\u00e9terminer la recevabilit\u00e9 de toute personne qui se pr\u00e9sente \u00e0 la fronti\u00e8re et l&rsquo;\u00e9ligibilit\u00e9 de ces personnes au voyage conditionnel. En outre, l&rsquo;USCIS-bien s\u00fbr &#8211; conserve le pouvoir de r\u00e9voquer ou de mettre fin \u00e0 un document du voage conditionnel pr\u00e9alable \u00e0 tout moment.<\/span><\/li>\n<li><span lang=\"fr\">Fermera administrativement toutes les demandes en attente de formulaire I-131 pour le voyage conditionnel anticip\u00e9e d\u00e9pos\u00e9e selon les normes associ\u00e9es au programme DACA et remboursera toutes les frais associ\u00e9s.<\/span><\/li>\n<li><span lang=\"fr\">Continuera \u00e0 exercer son pouvoir discr\u00e9tionnaire de mettre fin ou de refuser une action diff\u00e9r\u00e9e \u00e0 tout moment lorsque les agents d&rsquo;immigration d\u00e9terminent la r\u00e9siliation ou le refus d&rsquo;action diff\u00e9r\u00e9e est appropri\u00e9.<\/span><\/li>\n<li><span lang=\"fr\">Pour lire l&rsquo;int\u00e9gralit\u00e9 du m\u00e9morandum de politique, visitez le site:<a href=\"https:\/\/www.dhs.gov\/news\/2017\/09\/05\/memorandum-rescission-daca\"> https:\/\/www.dhs.gov\/news\/2017\/09\/05\/memorandum-rescission-daca<\/a><\/span><\/li>\n<\/ul>\n<div id=\"tw-container\" class=\"vk_c tw-reflow\">\n<div id=\"uid_0\" class=\"r-icnrt_UltkLQ xpdbox xpdclose\">\n<div class=\"vk_bk r-iJevgJBKZ5B0\">\n<div id=\"tw-ob\">\n<div class=\"_Ejb\">\n<div id=\"tw-target\">\n<div id=\"tw-target-text-container\" class=\"tw-ta-container tw-nfl\">\n<p class=\"tw-data-text tw-ta tw-text-small\" lang=\"fr\">\u00a0Le DAPA d\u00e9fini l\u2019action ex\u00e9cutive du Pr\u00e9sident Obama comme \u00e9tant une action d\u00e9f\u00e9r\u00e9e qui permet \u00e0 un individu qui\u00a0:<\/p>\n<\/div>\n<\/div>\n<\/div>\n<\/div>\n<\/div>\n<\/div>\n<\/div>\n<ul style=\"text-align: justify\">\n<li>N\u2019a pas de statut en date du 20 novembre 2014\u00a0;<\/li>\n<li>Est un parent d\u2019un citoyen am\u00e9ricain ou d\u2019un r\u00e9sident permanent l\u00e9gitime n\u00e9 le ou avant le 20 novembre 2014\u00a0;<\/li>\n<li>A \u00e9tabli une r\u00e9sidence permanente aux \u00c9tats-Unis depuis le 1<sup>er<\/sup> janvier 2010\u00a0; et<\/li>\n<li>N\u2019a pas \u00e9t\u00e9 reconnu coupable d\u2019un crime, d\u2019un d\u00e9lit mineur important ou de trois d\u00e9lits mineurs ou plus.<\/li>\n<\/ul>\n<p style=\"text-align: justify\">Prenez note que la Cour supr\u00eame des \u00c9-U, divis\u00e9e de fa\u00e7on \u00e9gale, a confirm\u00e9 le jugement de l\u2019instance pr\u00e9c\u00e9dente, bloquant l\u2019implantation du DAPA et la version \u00e9tendue du DACA.<\/p>\n[\/vc_column_text][vc_row_inner css=\u00a0\u00bb.vc_custom_1488529629165{background-color: #ffffff !important;}\u00a0\u00bb][vc_column_inner css=\u00a0\u00bb.vc_custom_1489262731666{margin-top: 40px !important;}\u00a0\u00bb][vc_column_text]\n<p style=\"text-align: center;font-size: 20px\"><strong>Loterie des visas de diversit\u00e9<\/strong><\/p>\n[\/vc_column_text][\/vc_column_inner][\/vc_row_inner][vc_single_image image=\u00a0\u00bb182&Prime; img_size=\u00a0\u00bbfull\u00a0\u00bb alignment=\u00a0\u00bbcenter\u00a0\u00bb css=\u00a0\u00bb.vc_custom_1489262679674{margin-top: 10px !important;margin-bottom: 10px !important;}\u00a0\u00bb][vc_column_text]\n<p class=\"font_7\" style=\"text-align: justify\">Le Programme visa de diversit\u00e9 (Programme DV) est offert chaque ann\u00e9e. L\u2019admissibilit\u00e9 d\u00e9pend si vous \u00eates un ressortissant d\u2019un pays avec un faible taux d\u2019immigration aux \u00c9-U. Pour pouvoir b\u00e9n\u00e9ficier de ce programme, le demandeur principal du DV doit avoir suivi une formation d\u2019\u00e9tudes secondaires, ou son \u00e9quivalent, ou avoir deux ans d\u2019exp\u00e9rience professionnelle dans une profession admissible.<\/p>\n<p class=\"font_7\" style=\"text-align: justify\">Les gagnants de loterie habitant \u00e0 l\u2019ext\u00e9rieur des \u00c9tats-Unis peuvent immigrer par traitement consulaire et l\u2019\u00e9mission d\u2019un visa immigrant. Les gagnants de loterie situ\u00e9s aux \u00c9-U peuvent faire une demande de modification de statut, s\u2019ils sont admissibles.<\/p>\n[\/vc_column_text][\/vc_column][vc_column width=\u00a0\u00bb1\/2&Prime;][vc_row_inner css=\u00a0\u00bb.vc_custom_1488529571353{background-color: #ffffff !important;}\u00a0\u00bb][vc_column_inner css=\u00a0\u00bb.vc_custom_1489261464212{margin-top: 50px !important;}\u00a0\u00bb][vc_column_text align=\u00a0\u00bbcenter\u00a0\u00bb]\n<p style=\"text-align: center;font-size: 20px\">\u00a0<strong>Statut temporaire de protection pour r\u00e9fugi\u00e9 et demande d\u2019asile <\/strong><\/p>\n[\/vc_column_text][vc_single_image image=\u00a0\u00bb190&Prime; img_size=\u00a0\u00bbfull\u00a0\u00bb alignment=\u00a0\u00bbcenter\u00a0\u00bb][vc_column_text]\n<p class=\"font_8\" style=\"text-align: justify\"><strong>Statut prot\u00e9g\u00e9 temporaire <\/strong><\/p>\n<p class=\"font_8\" style=\"text-align: justify\">Le D\u00e9partement de la s\u00e9curit\u00e9 int\u00e9rieure peut d\u00e9signer quels ressortissants peuvent faire une demande pour obtenir un statut prot\u00e9g\u00e9 en raison des conditions de son pays qui emp\u00eache un retour s\u00e9curitaire de ses ressortissants. \u00c0 l\u2019heure actuelle, les ressortissants pouvant faire une telle demande proviennent des pays suivants : Salvador, Guin\u00e9e, Ha\u00efti, Honduras, Lib\u00e9ria, Nicaragua, Sierra Leone, Somalie, Soudan, Soudan du Sud et Syrie.<\/p>\n<p class=\"font_8\" style=\"text-align: justify\"><strong>Statut de r\u00e9fugi\u00e9 et de demandeur d\u2019asile <\/strong><\/p>\n<p class=\"font_8\" style=\"text-align: justify\">Ce statut est offert aux individus pouvant \u00eatre pers\u00e9cut\u00e9s ou craignent d\u2019\u00eatre pers\u00e9cut\u00e9 en raison de leur race, de leur religion, de leur nationalit\u00e9, et\/ou de leur appartenance \u00e0 un groupe social particulier ou de leur opinion politique. Le statut de r\u00e9fugi\u00e9 est d\u00e9livr\u00e9 aux individus qui sont \u00e0 l\u2019ext\u00e9rieur de leur pays et qui sont incapables ou qui ne veulent pas retourner chez eux en raison d\u2019une crainte de subir un pr\u00e9judice grave. Le statut de r\u00e9fugi\u00e9 est accord\u00e9 \u00e0 l\u2019ext\u00e9rieur des \u00c9-U.<\/p>\n<p class=\"font_8\" style=\"text-align: justify\">L\u2019asile est accord\u00e9 aux individus qui sont d\u00e9j\u00e0 en territoire am\u00e9ricain et qui peuvent d\u00e9montrer qu\u2019ils craignent d\u2019\u00eatre pers\u00e9cut\u00e9s s\u2019ils retournent dans leur pays d\u2019origine en raison de leur race, de leur religion, de leur nationalit\u00e9, et\/ou de leur appartenance \u00e0 un groupe social particulier ou de leur opinion politique.<\/p>\n<p class=\"font_8\" style=\"text-align: justify\">Les b\u00e9n\u00e9ficiaires d\u2019asile peuvent rester aux \u00c9-U, faire une demande pour obtenir une r\u00e9sidence permanente et une permission de travailler pendant que leur demande est en cours d\u2019\u00e9valuation.<\/p>\n[\/vc_column_text][\/vc_column_inner][\/vc_row_inner][mk_padding_divider][vc_column_text]\n<p style=\"text-align: center;font-size: 20px\"><strong>Visas T et U <\/strong><\/p>\n[\/vc_column_text][vc_single_image image=\u00a0\u00bb265&Prime; img_size=\u00a0\u00bbfull\u00a0\u00bb alignment=\u00a0\u00bbcenter\u00a0\u00bb css=\u00a0\u00bb.vc_custom_1489262692379{margin-top: 10px !important;margin-bottom: 10px !important;}\u00a0\u00bb][vc_column_text]\n<p class=\"font_8\" style=\"text-align: justify\">Le Congr\u00e8s a \u00e9tabli les visas T pour les victimes de trafic humains dans un effort de soutenir les autorit\u00e9s polici\u00e8res \u00e0 enqu\u00eater sur ces crimes tout en offrant une protection aux victimes. Les visas T sont offerts aux individus qui :<\/p>\n<ul class=\"font_8\" style=\"text-align: justify\">\n<li>\n<p class=\"font_8\">Sont ou ont \u00e9t\u00e9 victimes de trafic ;<\/p>\n<\/li>\n<li>\n<p class=\"font_8\">Sont aux \u00c9tats-Unis, dans les Samoa am\u00e9ricaines, dans le Commonwealth des \u00eeles Marianes du Nord ou \u00e0 un port d\u2019entr\u00e9e en raison du trafic ;<\/p>\n<\/li>\n<li>\n<p class=\"font_8\">Se conforme aux demandes raisonnables d\u2019une agence polici\u00e8re pour de l\u2019assistance dans une enqu\u00eate ou d\u2019une action en justice d\u2019une activit\u00e9 de trafic humain ;<\/p>\n<\/li>\n<li>\n<p class=\"font_8\">Subiront des difficult\u00e9s excessives impliquant un pr\u00e9judice s\u00e9v\u00e8re et inhabituel s\u2019ils sont retir\u00e9s des \u00c9tats-Unis ;<\/p>\n<\/li>\n<li>\n<p class=\"font_8\">Ne sont pas admissibles aux \u00c9tats-Unis (des exemptions d\u2019inadmissibilit\u00e9 sont offertes.)<\/p>\n<\/li>\n<\/ul>\n<p class=\"font_8\" style=\"text-align: justify\">Les visas U sont offerts aux victimes de crimes s\u00e9rieux qui ont souffert de mauvais traitement mental et physique consid\u00e9rable du fait qu\u2019ils ont \u00e9t\u00e9 victimes et qui collaborent avec les agences polici\u00e8res lors de l\u2019enqu\u00eate et d\u2019une action en justice d\u2019un tel crime. L\u2019activit\u00e9 criminelle inclut :<\/p>\n<p class=\"font_8\" style=\"text-align: justify\">Enl\u00e8vement, contact sexuel abusif, chantage, violence domestique, extorsion, s\u00e9questration, mutilation de parties g\u00e9nitales f\u00e9minines, voie de fait, fraude lors d\u2019un contrat de travail \u00e0 l\u2019\u00e9tranger, prise d\u2019otage, inceste, servitude involontaire, kidnapping, homicide, meurtre, obstruction \u00e0 la justice, espionnage, parjure, prostitution, viol, agression sexuelle, exploitation sexuelle, \u00e9change d\u2019esclaves, harc\u00e8lement, torture, trafic, subornation de t\u00e9moin, d\u00e9tention ill\u00e9gale par la force ou d\u2019autres crimes reli\u00e9s.<\/p>\n[\/vc_column_text][\/vc_column][\/mk_page_section]\n<\/div>","protected":false},"excerpt":{"rendered":"<p>[mk_page_section bg_image=\u00a0\u00bbhttps:\/\/www.gottschalk.law\/wp-content\/uploads\/sites\/22\/2016\/09\/download.jpg\u00a0\u00bb bg_position=\u00a0\u00bbcenter bottom\u00a0\u00bb bg_repeat=\u00a0\u00bbno-repeat\u00a0\u00bb bg_stretch=\u00a0\u00bbtrue\u00a0\u00bb video_color_mask=\u00a0\u00bb#56100d\u00a0\u00bb video_opacity=\u00a0\u00bb0.3&Prime; min_height=\u00a0\u00bb400&Prime; js_vertical_centered=\u00a0\u00bbtrue\u00a0\u00bb sidebar=\u00a0\u00bbsidebar-1&Prime;][vc_column][mk_fancy_title color=\u00a0\u00bb#ffffff\u00a0\u00bb size=\u00a0\u00bb35&Prime; font_family=\u00a0\u00bbnone\u00a0\u00bb] AIDE HUMANITAIRE TEMPORAIRE ET AUTRES VISAS [\/mk_fancy_title][\/vc_column][\/mk_page_section][mk_page_section][vc_column width=\u00a0\u00bb1\/2&Prime;][vc_row_inner css=\u00a0\u00bb.vc_custom_1488529528521{background-color: #ffffff !important;}\u00a0\u00bb][vc_column_inner css=\u00a0\u00bb.vc_custom_1489261473757{margin-top: 50px !important;}\u00a0\u00bb][mk_fancy_title size=\u00a0\u00bb20&Prime; txt_transform=\u00a0\u00bbcapitalize\u00a0\u00bb font_family=\u00a0\u00bbnone\u00a0\u00bb] Programme DACA &amp; DAPA [\/mk_fancy_title][vc_single_image image=\u00a0\u00bb184&Prime; img_size=\u00a0\u00bbfull\u00a0\u00bb alignment=\u00a0\u00bbcenter\u00a0\u00bb][\/vc_column_inner][\/vc_row_inner][vc_column_text] DACA \u00e9tait un programme qui a accord\u00e9 une action diff\u00e9r\u00e9e pendant deux ans et un soulagement [&hellip;]<\/p>\n","protected":false},"author":1,"featured_media":0,"parent":0,"menu_order":0,"comment_status":"closed","ping_status":"closed","template":"","meta":{"footnotes":""},"class_list":["post-64","page","type-page","status-publish","hentry"],"_links":{"self":[{"href":"https:\/\/www.gottschalk.law\/fr\/wp-json\/wp\/v2\/pages\/64","targetHints":{"allow":["GET"]}}],"collection":[{"href":"https:\/\/www.gottschalk.law\/fr\/wp-json\/wp\/v2\/pages"}],"about":[{"href":"https:\/\/www.gottschalk.law\/fr\/wp-json\/wp\/v2\/types\/page"}],"author":[{"embeddable":true,"href":"https:\/\/www.gottschalk.law\/fr\/wp-json\/wp\/v2\/users\/1"}],"replies":[{"embeddable":true,"href":"https:\/\/www.gottschalk.law\/fr\/wp-json\/wp\/v2\/comments?post=64"}],"version-history":[{"count":71,"href":"https:\/\/www.gottschalk.law\/fr\/wp-json\/wp\/v2\/pages\/64\/revisions"}],"predecessor-version":[{"id":543,"href":"https:\/\/www.gottschalk.law\/fr\/wp-json\/wp\/v2\/pages\/64\/revisions\/543"}],"wp:attachment":[{"href":"https:\/\/www.gottschalk.law\/fr\/wp-json\/wp\/v2\/media?parent=64"}],"curies":[{"name":"wp","href":"https:\/\/api.w.org\/{rel}","templated":true}]}}